{"id":8,"date":"2019-08-13T12:19:10","date_gmt":"2019-08-13T12:19:10","guid":{"rendered":"http:\/\/fotografsverige.se\/?page_id=8"},"modified":"2019-08-13T12:19:10","modified_gmt":"2019-08-13T12:19:10","slug":"om-oss","status":"publish","type":"page","link":"https:\/\/fotografsverige.se\/?page_id=8","title":{"rendered":"Om oss"},"content":{"rendered":"\n<p>I flera \u00e5r har vi s\u00e5lt printryck p\u00e5 n\u00e4tet och p\u00e5 grund av en stor efterfr\u00e5gan bland v\u00e5ra kunder har vi nu best\u00e4mt oss f\u00f6r att skapa en tj\u00e4nst som hj\u00e4lper dig att hitta en professionell fotograf i en stad n\u00e4ra dig.<\/p>\n\n\n\n<p>\u00c5r 2014 noterades det att det fanns lite \u00f6ver 2300 registrerade yrkesfotografer i Sverige. Nya fotoutbildningar i Sverige startas varje \u00e5r och det \u00e4r en av anledningarna till att vi har en strikt policy f\u00f6r vilka som f\u00e5r synas hos oss. Enligt oss \u00e4r det erfarenheter som v\u00e4ger upp till professionalitet och expertis.<\/p>\n\n\n\n<p>F\u00f6r oss \u00e4r det viktigare att leverera kvalitet och inte kvantitet b\u00e5de f\u00f6r fotografen men \u00e4ven f\u00f6r kunden. D\u00e4rf\u00f6r listar vi enbart Topp tre till fem fotografer i varje stad, d\u00e4r alla fotograferna har genomg\u00e5tt en manuell granskning som s\u00e4kerhetsst\u00e4ller att dem uppfyller v\u00e5ra krav f\u00f6r en professionell fotograf.<\/p>\n\n\n\n<h2>Sveriges b\u00e4sta och kompletta fotografservice p\u00e5 n\u00e4tet<\/h2>\n\n\n\n<p>V\u00e5r vision \u00e4r att skapa Sveriges b\u00e4sta och kompletta fotografservice p\u00e5 n\u00e4tet. F\u00f6r att vara helt s\u00e4kra p\u00e5 att v\u00e5ra fotografer f\u00f6ljer v\u00e5r policy listar vi endast fotografer som vi har haft kontakta med. Det g\u00e5r allts\u00e5 inte att l\u00e4gga till en fotograf p\u00e5 v\u00e5r sida utan att vi f\u00f6rst granskat fotografen och gjort v\u00e5r bed\u00f6mning.<\/p>\n","protected":false},"excerpt":{"rendered":"<p>I flera \u00e5r har vi s\u00e5lt printryck p\u00e5 n\u00e4tet och p\u00e5 grund av en stor efterfr\u00e5gan bland v\u00e5ra kunder har vi nu best\u00e4mt oss f\u00f6r att skapa en tj\u00e4nst som hj\u00e4lper dig att hitta en professionell fotograf i en stad n\u00e4ra dig. \u00c5r 2014 noterades det att det fanns lite \u00f6ver 2300 registrerade yrkesfotografer i Sverige. Nya fotoutbildningar i Sverige startas varje \u00e5r och det \u00e4r en av anledningarna till att vi har en strikt policy f\u00f6r vilka som f\u00e5r synas hos oss. Enligt oss \u00e4r det erfarenheter som v\u00e4ger upp till professionalitet och expertis. F\u00f6r oss \u00e4r det viktigare att leverera kvalitet och inte kvantitet b\u00e5de f\u00f6r fotografen men \u00e4ven f\u00f6r kunden. D\u00e4rf\u00f6r listar vi enbart Topp tre till fem fotografer i varje stad, d\u00e4r alla fotograferna har genomg\u00e5tt en manuell granskning som s\u00e4kerhetsst\u00e4ller att dem uppfyller v\u00e5ra krav f\u00f6r en professionell fotograf. Sveriges b\u00e4sta och kompletta fotografservice p\u00e5 n\u00e4tet V\u00e5r vision \u00e4r att skapa Sveriges b\u00e4sta och kompletta fotografservice p\u00e5 n\u00e4tet. F\u00f6r att vara helt s\u00e4kra p\u00e5 att v\u00e5ra fotografer f\u00f6ljer v\u00e5r policy listar vi endast fotografer som vi har haft kontakta med. Det g\u00e5r allts\u00e5 inte att l\u00e4gga till en fotograf p\u00e5 v\u00e5r sida utan att vi f\u00f6rst granskat fotografen och gjort v\u00e5r bed\u00f6mning.<\/p>\n","protected":false},"author":1,"featured_media":0,"parent":0,"menu_order":0,"comment_status":"closed","ping_status":"closed","template":"","meta":[],"_links":{"self":[{"href":"https:\/\/fotografsverige.se\/index.php?rest_route=\/wp\/v2\/pages\/8"}],"collection":[{"href":"https:\/\/fotografsverige.se\/index.php?rest_route=\/wp\/v2\/pages"}],"about":[{"href":"https:\/\/fotografsverige.se\/index.php?rest_route=\/wp\/v2\/types\/page"}],"author":[{"embeddable":true,"href":"https:\/\/fotografsverige.se\/index.php?rest_route=\/wp\/v2\/users\/1"}],"replies":[{"embeddable":true,"href":"https:\/\/fotografsverige.se\/index.php?rest_route=%2Fwp%2Fv2%2Fcomments&post=8"}],"version-history":[{"count":1,"href":"https:\/\/fotografsverige.se\/index.php?rest_route=\/wp\/v2\/pages\/8\/revisions"}],"predecessor-version":[{"id":9,"href":"https:\/\/fotografsverige.se\/index.php?rest_route=\/wp\/v2\/pages\/8\/revisions\/9"}],"wp:attachment":[{"href":"https:\/\/fotografsverige.se\/index.php?rest_route=%2Fwp%2Fv2%2Fmedia&parent=8"}],"curies":[{"name":"wp","href":"https:\/\/api.w.org\/{rel}","templated":true}]}}